{"id":2155,"date":"2023-12-01T09:40:01","date_gmt":"2023-12-01T06:40:01","guid":{"rendered":"https:\/\/bilsonhealthservices.co.uk\/estetik-uygulamalari\/yuz-estetigi\/face-lift\/"},"modified":"2023-12-05T10:56:17","modified_gmt":"2023-12-05T07:56:17","slug":"face-lift","status":"publish","type":"page","link":"https:\/\/bilsonhealth.co.uk\/tr\/estetik-uygulamalari\/yuz-estetigi\/face-lift\/","title":{"rendered":"Y\u00fcz Germe"},"content":{"rendered":"\t\t<div data-elementor-type=\"wp-page\" data-elementor-id=\"2155\" class=\"elementor elementor-2155\" data-elementor-post-type=\"page\">\n\t\t\t\t\t\t<section class=\"elementor-section elementor-top-section elementor-element elementor-element-70af034f elementor-section-boxed elementor-section-height-default elementor-section-height-default\" data-id=\"70af034f\" data-element_type=\"section\" data-settings=\"{&quot;background_background&quot;:&quot;classic&quot;}\">\n\t\t\t\t\t\t\t<div class=\"elementor-background-overlay\"><\/div>\n\t\t\t\t\t\t\t<div class=\"elementor-container elementor-column-gap-default\">\n\t\t\t\t\t<div class=\"elementor-column elementor-col-100 elementor-top-column elementor-element elementor-element-76c41711\" data-id=\"76c41711\" data-element_type=\"column\" data-settings=\"{&quot;background_background&quot;:&quot;classic&quot;}\">\n\t\t\t<div class=\"elementor-widget-wrap elementor-element-populated\">\n\t\t\t\t\t\t<div class=\"elementor-element elementor-element-5201927d elementor-widget elementor-widget-text-editor\" data-id=\"5201927d\" data-element_type=\"widget\" data-widget_type=\"text-editor.default\">\n\t\t\t\t<div class=\"elementor-widget-container\">\n\t\t\t\t\t\t\t\t\t<h3>Y\u00fcz Germe<\/h3>\t\t\t\t\t\t\t\t<\/div>\n\t\t\t\t<\/div>\n\t\t\t\t\t<\/div>\n\t\t<\/div>\n\t\t\t\t\t<\/div>\n\t\t<\/section>\n\t\t\t\t<section class=\"elementor-section elementor-top-section elementor-element elementor-element-4c5511da elementor-section-boxed elementor-section-height-default elementor-section-height-default\" data-id=\"4c5511da\" data-element_type=\"section\">\n\t\t\t\t\t\t\t<div class=\"elementor-background-overlay\"><\/div>\n\t\t\t\t\t\t\t<div class=\"elementor-container elementor-column-gap-default\">\n\t\t\t\t\t<div class=\"elementor-column elementor-col-100 elementor-top-column elementor-element elementor-element-2f7fef7b\" data-id=\"2f7fef7b\" data-element_type=\"column\">\n\t\t\t<div class=\"elementor-widget-wrap elementor-element-populated\">\n\t\t\t\t\t\t<section class=\"elementor-section elementor-inner-section elementor-element elementor-element-2b4ac0c8 elementor-section-boxed elementor-section-height-default elementor-section-height-default\" data-id=\"2b4ac0c8\" data-element_type=\"section\">\n\t\t\t\t\t\t<div class=\"elementor-container elementor-column-gap-default\">\n\t\t\t\t\t<div class=\"elementor-column elementor-col-100 elementor-inner-column elementor-element elementor-element-1abb007b animated-slow elementor-invisible\" data-id=\"1abb007b\" data-element_type=\"column\" data-settings=\"{&quot;animation&quot;:&quot;fadeIn&quot;,&quot;animation_delay&quot;:200}\">\n\t\t\t<div class=\"elementor-widget-wrap elementor-element-populated\">\n\t\t\t\t\t\t<div class=\"elementor-element elementor-element-4332517a elementor-widget elementor-widget-text-editor\" data-id=\"4332517a\" data-element_type=\"widget\" data-widget_type=\"text-editor.default\">\n\t\t\t\t<div class=\"elementor-widget-container\">\n\t\t\t\t\t\t\t\t\t<p>Y\u00fcz germe, t\u0131bbi olarak rhytidectomy olarak da adland\u0131r\u0131l\u0131r, genellikle ya\u015flanma belirtilerini azaltmak veya gidermek amac\u0131yla kullan\u0131lan bir cerrahi prosed\u00fcrd\u00fcr. Bu i\u015flem, y\u00fczdeki sarkm\u0131\u015f cildi s\u0131k\u0131la\u015ft\u0131rmak, deriyi gererek k\u0131r\u0131\u015f\u0131kl\u0131klar\u0131 azaltmak ve genel olarak daha gen\u00e7 ve taze bir g\u00f6r\u00fcn\u00fcm elde etmek i\u00e7in uygulan\u0131r.<\/p>\n<p><strong>Y\u00fcz germe genellikle a\u015fa\u011f\u0131daki unsurlar\u0131 i\u00e7erir:<\/strong><\/p>\n<p><strong>Cilt S\u0131k\u0131la\u015ft\u0131rma:<\/strong> Y\u00fczdeki sarkm\u0131\u015f cildin kald\u0131r\u0131lmas\u0131 ve s\u0131k\u0131la\u015ft\u0131r\u0131lmas\u0131 amac\u0131yla cerrahi m\u00fcdahale.<\/p>\n<p><strong>Ya\u011f Dokusu Ayarlama:<\/strong> Y\u00fczdeki ya\u011f dokusunun yerini ayarlamak ve y\u00fcz hatlar\u0131n\u0131 d\u00fczeltmek.<\/p>\n<p>Kaslar\u0131n Yeniden Konumland\u0131r\u0131lmas\u0131: Y\u00fcz kaslar\u0131n\u0131 daha gen\u00e7 bir konumda tutmak i\u00e7in kaslar\u0131 yeniden konumland\u0131rma.<\/p>\n<p>Ekstra Cilt ve Dokular\u0131n \u00c7\u0131kar\u0131lmas\u0131: Fazla cilt ve dokular\u0131n \u00e7\u0131kar\u0131lmas\u0131, bu da y\u00fcz hatlar\u0131n\u0131 belirginle\u015ftirir.<\/p>\n<p>G\u00f6z \u00e7evresi, al\u0131n ve boyun gibi b\u00f6lgelerde iyile\u015ftirmeler: Y\u00fcz germe i\u015flemi genellikle g\u00f6z \u00e7evresi, al\u0131n ve boyun gibi belirli b\u00f6lgelerde de iyile\u015ftirmeler i\u00e7erir.<\/p>\n<p>Y\u00fcz germe cerrahisi genellikle lokal anestezi veya genel anestezi alt\u0131nda yap\u0131l\u0131r. \u0130yile\u015fme s\u00fcreci bireyden bireye de\u011fi\u015febilir, ancak genellikle birka\u00e7 hafta i\u00e7inde \u015fi\u015flik ve morluklar azal\u0131r. Y\u00fcz germe, ki\u015finin genel g\u00f6r\u00fcn\u00fcm\u00fcn\u00fc iyile\u015ftirmeye yard\u0131mc\u0131 olabilir, ancak sonu\u00e7lar ki\u015finin ya\u015f\u0131na, cilt tipine ve cerrahi prosed\u00fcr\u00fcn nas\u0131l uyguland\u0131\u011f\u0131na ba\u011fl\u0131 olarak de\u011fi\u015febilir.<\/p>\n\t\t\t\t\t\t\t\t<\/div>\n\t\t\t\t<\/div>\n\t\t\t\t\t<\/div>\n\t\t<\/div>\n\t\t\t\t\t<\/div>\n\t\t<\/section>\n\t\t\t\t\t<\/div>\n\t\t<\/div>\n\t\t\t\t\t<\/div>\n\t\t<\/section>\n\t\t\t\t<section class=\"elementor-section elementor-top-section elementor-element elementor-element-6c4b4ca3 elementor-section-full_width elementor-section-height-default elementor-section-height-default\" data-id=\"6c4b4ca3\" data-element_type=\"section\">\n\t\t\t\t\t\t<div class=\"elementor-container elementor-column-gap-no\">\n\t\t\t\t\t<div class=\"elementor-column elementor-col-100 elementor-top-column elementor-element elementor-element-74136617\" data-id=\"74136617\" data-element_type=\"column\">\n\t\t\t<div class=\"elementor-widget-wrap\">\n\t\t\t\t\t\t\t<\/div>\n\t\t<\/div>\n\t\t\t\t\t<\/div>\n\t\t<\/section>\n\t\t\t\t<\/div>\n\t\t","protected":false},"excerpt":{"rendered":"<p>Y\u00fcz Germe Y\u00fcz germe, t\u0131bbi olarak rhytidectomy olarak da adland\u0131r\u0131l\u0131r, genellikle ya\u015flanma belirtilerini azaltmak veya gidermek amac\u0131yla kullan\u0131lan bir cerrahi prosed\u00fcrd\u00fcr. Bu i\u015flem, y\u00fczdeki sarkm\u0131\u015f cildi s\u0131k\u0131la\u015ft\u0131rmak, deriyi gererek k\u0131r\u0131\u015f\u0131kl\u0131klar\u0131 azaltmak ve genel olarak daha gen\u00e7 ve taze bir g\u00f6r\u00fcn\u00fcm elde etmek i\u00e7in uygulan\u0131r. Y\u00fcz germe genellikle a\u015fa\u011f\u0131daki unsurlar\u0131 i\u00e7erir: Cilt S\u0131k\u0131la\u015ft\u0131rma: Y\u00fczdeki sarkm\u0131\u015f cildin [&hellip;]<\/p>\n","protected":false},"author":1,"featured_media":0,"parent":284,"menu_order":0,"comment_status":"closed","ping_status":"closed","template":"elementor_header_footer","meta":{"footnotes":""},"class_list":["post-2155","page","type-page","status-publish","hentry"],"_links":{"self":[{"href":"https:\/\/bilsonhealth.co.uk\/tr\/wp-json\/wp\/v2\/pages\/2155","targetHints":{"allow":["GET"]}}],"collection":[{"href":"https:\/\/bilsonhealth.co.uk\/tr\/wp-json\/wp\/v2\/pages"}],"about":[{"href":"https:\/\/bilsonhealth.co.uk\/tr\/wp-json\/wp\/v2\/types\/page"}],"author":[{"embeddable":true,"href":"https:\/\/bilsonhealth.co.uk\/tr\/wp-json\/wp\/v2\/users\/1"}],"replies":[{"embeddable":true,"href":"https:\/\/bilsonhealth.co.uk\/tr\/wp-json\/wp\/v2\/comments?post=2155"}],"version-history":[{"count":6,"href":"https:\/\/bilsonhealth.co.uk\/tr\/wp-json\/wp\/v2\/pages\/2155\/revisions"}],"predecessor-version":[{"id":2437,"href":"https:\/\/bilsonhealth.co.uk\/tr\/wp-json\/wp\/v2\/pages\/2155\/revisions\/2437"}],"up":[{"embeddable":true,"href":"https:\/\/bilsonhealth.co.uk\/tr\/wp-json\/wp\/v2\/pages\/284"}],"wp:attachment":[{"href":"https:\/\/bilsonhealth.co.uk\/tr\/wp-json\/wp\/v2\/media?parent=2155"}],"curies":[{"name":"wp","href":"https:\/\/api.w.org\/{rel}","templated":true}]}}